{"id":4723,"date":"2024-11-07T17:00:25","date_gmt":"2024-11-07T16:00:25","guid":{"rendered":"https:\/\/ueff.se\/?page_id=4723"},"modified":"2025-11-10T16:23:16","modified_gmt":"2025-11-10T15:23:16","slug":"qa","status":"publish","type":"page","link":"https:\/\/ueff.se\/en\/qa\/","title":{"rendered":"Guests and Talks"},"content":{"rendered":"<p>Most talk will be in Swedish. On the English version of this page we will only present the talks that will be in English.<\/p>\n<p>&nbsp;<\/p>\n<p><strong>Anna Linder &amp; Liselotte Wajstedt\u00a0<\/strong><\/p>\n<p class=\"p1\">Samtal efter filmerna med Anna Linder, konstn\u00e4rlig ledare f\u00f6r SAQMI och Liselotte Wajstedt, regiss\u00f6r av filmen Eadni. B\u00e5da har \u00e4ven varit med i den r\u00e5dgivande gruppen f\u00f6r Imagine S\u00e1pmi.<\/p>\n<p><strong>26 nov 18.00\u00a0<\/strong><br \/>\n<strong>Salong<\/strong><strong> Tagning<\/strong><\/p>\n<p>&nbsp;<\/p>\n<div id=\"svid12_1f75676f19a238051983afc\" class=\"sv-image-portlet sv-portlet c6815\">\n<p><img loading=\"lazy\" decoding=\"async\" class=\"sv-noborder c9960 alignnone\" src=\"https:\/\/www.umea.se\/images\/18.1f75676f19a238051983afb\/1761738003899\/(2)%20ingela_hoffsten%20Foto%20Sara%20Mac%20Key%20mindre%20.jpg\" alt=\"\" width=\"154\" height=\"220\" \/><\/p>\n<\/div>\n<div id=\"svid12_559f034719a28a7f12b12f3\" class=\"sv-text-portlet sv-use-margins\">\n<div id=\"TextPionjar\"><strong>Ingela Hofsten<\/strong><\/div>\n<div class=\"sv-text-portlet-content\">\n<p class=\"font-normal\">Journalisten och f\u00f6rfattaren Ingela Hofsten, som skrivit boken\u00a0<em>Swing it, Kai!\u00a0<\/em>ber\u00e4ttar om Kai Gullmar, som inte bara var Sveriges f\u00f6rsta kvinnliga schlagerkomposit\u00f6r av rang, utan ocks\u00e5 artist och filmsk\u00e5despelare. Hon var ocks\u00e5 f\u00f6reg\u00e5ngare i sin kaxighet, sitt s\u00e4tt att kl\u00e4 sig utmanande f\u00f6r sin tid, och genom att hon levde relativt \u00f6ppet i samk\u00f6nade f\u00f6rh\u00e5llanden. Ingela Hofsten ber\u00e4ttar om henne och den tid hon levde i, med b\u00e5de bilder och smakprov p\u00e5 hennes l\u00e5tskatt.<\/p>\n<p class=\"font-normal\"><strong>27 nov 15.00\u00a0<\/strong><br \/>\n<strong>Salong<\/strong><strong> Tystnad<br \/>\n<a href=\"https:\/\/ueff.se\/evenemang\/kai-gullmar-en-oradd-pionjar\/\">Kai Gullmar \u2013 en or\u00e4dd pionj\u00e4r<\/a><\/strong><br \/>\n<strong><a href=\"https:\/\/secure.tickster.com\/ru6wxf7hv910tcy\" rel=\"external\">Gratisbiljetter finns p\u00e5 denna l\u00e4nk fr\u00e5n torsdag 13 november.<\/a><\/strong><\/p>\n<\/div>\n<\/div>\n<p>&nbsp;<\/p>\n<p><img loading=\"lazy\" decoding=\"async\" class=\"size-medium wp-image-7866 alignnone\" src=\"https:\/\/ueff.se\/wp-content\/uploads\/2025\/11\/directors-per-bifrost-and-alexander-ryneus-copyright-iris-film-300x200.jpg\" alt=\"\" width=\"300\" height=\"200\" srcset=\"https:\/\/ueff.se\/wp-content\/uploads\/2025\/11\/directors-per-bifrost-and-alexander-ryneus-copyright-iris-film-300x200.jpg 300w, https:\/\/ueff.se\/wp-content\/uploads\/2025\/11\/directors-per-bifrost-and-alexander-ryneus-copyright-iris-film-1024x682.jpg 1024w, https:\/\/ueff.se\/wp-content\/uploads\/2025\/11\/directors-per-bifrost-and-alexander-ryneus-copyright-iris-film-768x511.jpg 768w, https:\/\/ueff.se\/wp-content\/uploads\/2025\/11\/directors-per-bifrost-and-alexander-ryneus-copyright-iris-film-1536x1022.jpg 1536w, https:\/\/ueff.se\/wp-content\/uploads\/2025\/11\/directors-per-bifrost-and-alexander-ryneus-copyright-iris-film-2048x1363.jpg 2048w, https:\/\/ueff.se\/wp-content\/uploads\/2025\/11\/directors-per-bifrost-and-alexander-ryneus-copyright-iris-film-1920x1280.jpg 1920w\" sizes=\"(max-width: 300px) 100vw, 300px\" \/><br \/>\n<strong>Alexander Ryn\u00e9us &amp; Per Bifrost<\/strong><br \/>\n<strong>Fre 28 nov 16:15\u00a0<\/strong><br \/>\nSalong Tagning<br \/>\n<a href=\"https:\/\/ueff.se\/film\/en-gang-skall-du-vara-en-av-dem-som-levat-for-langesen\/\">En g\u00e5ng skall du vara en av dem som levat f\u00f6r l\u00e4ngesen<\/a><\/p>\n<p>&nbsp;<\/p>\n<div><strong><img loading=\"lazy\" decoding=\"async\" class=\"size-medium wp-image-7857 alignleft\" src=\"https:\/\/ueff.se\/wp-content\/uploads\/2025\/11\/802-karolina-domagalska1-200x300.jpg\" alt=\"\" width=\"200\" height=\"300\" srcset=\"https:\/\/ueff.se\/wp-content\/uploads\/2025\/11\/802-karolina-domagalska1-200x300.jpg 200w, https:\/\/ueff.se\/wp-content\/uploads\/2025\/11\/802-karolina-domagalska1-683x1024.jpg 683w, https:\/\/ueff.se\/wp-content\/uploads\/2025\/11\/802-karolina-domagalska1-768x1152.jpg 768w, https:\/\/ueff.se\/wp-content\/uploads\/2025\/11\/802-karolina-domagalska1-1024x1536.jpg 1024w, https:\/\/ueff.se\/wp-content\/uploads\/2025\/11\/802-karolina-domagalska1-1365x2048.jpg 1365w, https:\/\/ueff.se\/wp-content\/uploads\/2025\/11\/802-karolina-domagalska1-scaled.jpg 1707w\" sizes=\"(max-width: 200px) 100vw, 200px\" \/><br \/>\n<\/strong><\/div>\n<div><\/div>\n<div><\/div>\n<div><\/div>\n<div><\/div>\n<div><\/div>\n<div><\/div>\n<div><\/div>\n<div><\/div>\n<div><\/div>\n<div><\/div>\n<div><\/div>\n<div><\/div>\n<div><\/div>\n<div><strong>Karolina Domagalska<\/strong> is a reporter, activist, and documentary filmmaker. She is the author of a non-fiction book about assisted reproduction. She created\u00a0<em>\u201cCo\u015b na A\u201d<\/em>\u00a0(<em>\u201cSomething Starting with A\u201d<\/em>), the first Polish podcast dedicated to the topic of abortion. She directed the documentary film\u00a0<em>Abortion Dream\u00a0Team<\/em>, which has been screened at numerous international festivals. She currently works at Feminoteka, an organization that combats violence against women.<\/p>\n<p><strong>29 nov 14.15<br \/>\n<a href=\"https:\/\/ueff.se\/film\/abortion-dream-team\/\">Abortion Dream Team\u00a0\u00a0<\/a><\/strong><br \/>\n<strong>Salong<\/strong><strong> Tagning<br \/>\n<\/strong><\/div>\n<div><\/div>\n<div><b>Social Media:<\/b><\/div>\n<div>\n<div><a href=\"https:\/\/www.instagram.com\/cos_na_a\/\" target=\"_blank\" rel=\"noopener\">https:\/\/www.instagram.com\/cos_na_a\/<\/a><\/div>\n<div><a href=\"https:\/\/www.instagram.com\/abortiondreamteam_themovie\/\" target=\"_blank\" rel=\"noopener\">https:\/\/www.instagram.com\/abortiondreamteam_themovie\/<\/a><\/div>\n<div><a href=\"https:\/\/www.facebook.com\/karolinalucynadomagalska\" target=\"_blank\" rel=\"noopener\">https:\/\/www.facebook.com\/karolinalucynadomagalska<\/a><\/div>\n<div><a href=\"https:\/\/www.facebook.com\/abortiondreamteam.themovie\" target=\"_blank\" rel=\"noopener\">https:\/\/www.facebook.com\/abortiondreamteam.themovie<\/a><\/div>\n<\/div>\n<p><strong><br \/>\n<img loading=\"lazy\" decoding=\"async\" class=\"alignnone size-medium wp-image-7870\" src=\"https:\/\/ueff.se\/wp-content\/uploads\/2025\/11\/skarmavbild-2025-11-10-kl-162232-300x192.png\" alt=\"\" width=\"300\" height=\"192\" srcset=\"https:\/\/ueff.se\/wp-content\/uploads\/2025\/11\/skarmavbild-2025-11-10-kl-162232-300x192.png 300w, https:\/\/ueff.se\/wp-content\/uploads\/2025\/11\/skarmavbild-2025-11-10-kl-162232-1024x656.png 1024w, https:\/\/ueff.se\/wp-content\/uploads\/2025\/11\/skarmavbild-2025-11-10-kl-162232-768x492.png 768w, https:\/\/ueff.se\/wp-content\/uploads\/2025\/11\/skarmavbild-2025-11-10-kl-162232.png 1090w\" sizes=\"(max-width: 300px) 100vw, 300px\" \/><br \/>\nAnna G Magn\u00fasd\u00f3ttir &amp; \u00c1sthildur Kjartansd\u00f3ttir<\/strong><\/p>\n<p>29 nov 16.30<br \/>\nSalong Tagning<\/p>","protected":false},"excerpt":{"rendered":"<p>Most talk will be in Swedish. On the English version of this page we will only present the talks that will be in English. &nbsp; Anna Linder &amp; Liselotte Wajstedt\u00a0 Samtal efter filmerna med Anna Linder, konstn\u00e4rlig ledare f\u00f6r SAQMI och Liselotte Wajstedt, regiss\u00f6r av filmen Eadni. B\u00e5da har \u00e4ven varit med i den r\u00e5dgivande [&hellip;]<\/p>\n","protected":false},"author":11,"featured_media":0,"parent":0,"menu_order":0,"comment_status":"closed","ping_status":"closed","template":"","meta":{"_acf_changed":false,"_exactmetrics_skip_tracking":false,"_exactmetrics_sitenote_active":false,"_exactmetrics_sitenote_note":"","_exactmetrics_sitenote_category":0,"footnotes":"","_links_to":"","_links_to_target":""},"class_list":["post-4723","page","type-page","status-publish","hentry"],"acf":[],"yoast_head":"<!-- This site is optimized with the Yoast SEO plugin v25.6 - https:\/\/yoast.com\/wordpress\/plugins\/seo\/ -->\n<title>Guests and Talks - Ume\u00e5 Film Festival<\/title>\n<meta name=\"robots\" content=\"index, follow, max-snippet:-1, max-image-preview:large, max-video-preview:-1\" \/>\n<link rel=\"canonical\" href=\"https:\/\/ueff.se\/en\/qa\/\" \/>\n<meta property=\"og:locale\" content=\"en_US\" \/>\n<meta property=\"og:type\" content=\"article\" \/>\n<meta property=\"og:title\" content=\"Guests and Talks - Ume\u00e5 Film Festival\" \/>\n<meta property=\"og:description\" content=\"Most talk will be in Swedish. On the English version of this page we will only present the talks that will be in English. &nbsp; Anna Linder &amp; Liselotte Wajstedt\u00a0 Samtal efter filmerna med Anna Linder, konstn\u00e4rlig ledare f\u00f6r SAQMI och Liselotte Wajstedt, regiss\u00f6r av filmen Eadni. B\u00e5da har \u00e4ven varit med i den r\u00e5dgivande [&hellip;]\" \/>\n<meta property=\"og:url\" content=\"https:\/\/ueff.se\/qa\/\" \/>\n<meta property=\"og:site_name\" content=\"Ume\u00e5 Film Festival\" \/>\n<meta property=\"article:modified_time\" content=\"2025-11-10T15:23:16+00:00\" \/>\n<meta property=\"og:image\" content=\"https:\/\/ueff.se\/wp-content\/uploads\/2025\/11\/802-karolina-domagalska1-scaled.jpg\" \/>\n\t<meta property=\"og:image:width\" content=\"1707\" \/>\n\t<meta property=\"og:image:height\" content=\"2560\" \/>\n\t<meta property=\"og:image:type\" content=\"image\/jpeg\" \/>\n<meta name=\"twitter:card\" content=\"summary_large_image\" \/>\n<meta name=\"twitter:label1\" content=\"Est. reading time\" \/>\n\t<meta name=\"twitter:data1\" content=\"1 minute\" \/>\n<script type=\"application\/ld+json\" class=\"yoast-schema-graph\">{\"@context\":\"https:\/\/schema.org\",\"@graph\":[{\"@type\":\"WebPage\",\"@id\":\"https:\/\/ueff.se\/qa\/\",\"url\":\"https:\/\/ueff.se\/qa\/\",\"name\":\"Guests and Talks - Ume\u00e5 Film Festival\",\"isPartOf\":{\"@id\":\"https:\/\/ueff.se\/#website\"},\"primaryImageOfPage\":{\"@id\":\"https:\/\/ueff.se\/qa\/#primaryimage\"},\"image\":{\"@id\":\"https:\/\/ueff.se\/qa\/#primaryimage\"},\"thumbnailUrl\":\"https:\/\/ueff.se\/wp-content\/uploads\/2025\/11\/802-karolina-domagalska1-200x300.jpg\",\"datePublished\":\"2024-11-07T16:00:25+00:00\",\"dateModified\":\"2025-11-10T15:23:16+00:00\",\"breadcrumb\":{\"@id\":\"https:\/\/ueff.se\/qa\/#breadcrumb\"},\"inLanguage\":\"en-US\",\"potentialAction\":[{\"@type\":\"ReadAction\",\"target\":[\"https:\/\/ueff.se\/qa\/\"]}]},{\"@type\":\"ImageObject\",\"inLanguage\":\"en-US\",\"@id\":\"https:\/\/ueff.se\/qa\/#primaryimage\",\"url\":\"https:\/\/ueff.se\/wp-content\/uploads\/2025\/11\/802-karolina-domagalska1-200x300.jpg\",\"contentUrl\":\"https:\/\/ueff.se\/wp-content\/uploads\/2025\/11\/802-karolina-domagalska1-200x300.jpg\"},{\"@type\":\"BreadcrumbList\",\"@id\":\"https:\/\/ueff.se\/qa\/#breadcrumb\",\"itemListElement\":[{\"@type\":\"ListItem\",\"position\":1,\"name\":\"Hem\",\"item\":\"https:\/\/ueff.se\/\"},{\"@type\":\"ListItem\",\"position\":2,\"name\":\"G\u00e4ster och samtal\"}]},{\"@type\":\"WebSite\",\"@id\":\"https:\/\/ueff.se\/#website\",\"url\":\"https:\/\/ueff.se\/\",\"name\":\"Ume\u00e5 Film Festival\",\"description\":\"\",\"potentialAction\":[{\"@type\":\"SearchAction\",\"target\":{\"@type\":\"EntryPoint\",\"urlTemplate\":\"https:\/\/ueff.se\/?s={search_term_string}\"},\"query-input\":{\"@type\":\"PropertyValueSpecification\",\"valueRequired\":true,\"valueName\":\"search_term_string\"}}],\"inLanguage\":\"en-US\"}]}<\/script>\n<!-- \/ Yoast SEO plugin. -->","yoast_head_json":{"title":"Guests and Talks - Ume\u00e5 Film Festival","robots":{"index":"index","follow":"follow","max-snippet":"max-snippet:-1","max-image-preview":"max-image-preview:large","max-video-preview":"max-video-preview:-1"},"canonical":"https:\/\/ueff.se\/en\/qa\/","og_locale":"en_US","og_type":"article","og_title":"Guests and Talks - Ume\u00e5 Film Festival","og_description":"Most talk will be in Swedish. On the English version of this page we will only present the talks that will be in English. &nbsp; Anna Linder &amp; Liselotte Wajstedt\u00a0 Samtal efter filmerna med Anna Linder, konstn\u00e4rlig ledare f\u00f6r SAQMI och Liselotte Wajstedt, regiss\u00f6r av filmen Eadni. B\u00e5da har \u00e4ven varit med i den r\u00e5dgivande [&hellip;]","og_url":"https:\/\/ueff.se\/qa\/","og_site_name":"Ume\u00e5 Film Festival","article_modified_time":"2025-11-10T15:23:16+00:00","og_image":[{"width":1707,"height":2560,"url":"https:\/\/ueff.se\/wp-content\/uploads\/2025\/11\/802-karolina-domagalska1-scaled.jpg","type":"image\/jpeg"}],"twitter_card":"summary_large_image","twitter_misc":{"Est. reading time":"1 minute"},"schema":{"@context":"https:\/\/schema.org","@graph":[{"@type":"WebPage","@id":"https:\/\/ueff.se\/qa\/","url":"https:\/\/ueff.se\/qa\/","name":"Guests and Talks - Ume\u00e5 Film Festival","isPartOf":{"@id":"https:\/\/ueff.se\/#website"},"primaryImageOfPage":{"@id":"https:\/\/ueff.se\/qa\/#primaryimage"},"image":{"@id":"https:\/\/ueff.se\/qa\/#primaryimage"},"thumbnailUrl":"https:\/\/ueff.se\/wp-content\/uploads\/2025\/11\/802-karolina-domagalska1-200x300.jpg","datePublished":"2024-11-07T16:00:25+00:00","dateModified":"2025-11-10T15:23:16+00:00","breadcrumb":{"@id":"https:\/\/ueff.se\/qa\/#breadcrumb"},"inLanguage":"en-US","potentialAction":[{"@type":"ReadAction","target":["https:\/\/ueff.se\/qa\/"]}]},{"@type":"ImageObject","inLanguage":"en-US","@id":"https:\/\/ueff.se\/qa\/#primaryimage","url":"https:\/\/ueff.se\/wp-content\/uploads\/2025\/11\/802-karolina-domagalska1-200x300.jpg","contentUrl":"https:\/\/ueff.se\/wp-content\/uploads\/2025\/11\/802-karolina-domagalska1-200x300.jpg"},{"@type":"BreadcrumbList","@id":"https:\/\/ueff.se\/qa\/#breadcrumb","itemListElement":[{"@type":"ListItem","position":1,"name":"Hem","item":"https:\/\/ueff.se\/"},{"@type":"ListItem","position":2,"name":"G\u00e4ster och samtal"}]},{"@type":"WebSite","@id":"https:\/\/ueff.se\/#website","url":"https:\/\/ueff.se\/","name":"Ume\u00e5 Film Festival","description":"","potentialAction":[{"@type":"SearchAction","target":{"@type":"EntryPoint","urlTemplate":"https:\/\/ueff.se\/?s={search_term_string}"},"query-input":{"@type":"PropertyValueSpecification","valueRequired":true,"valueName":"search_term_string"}}],"inLanguage":"en-US"}]}},"_links":{"self":[{"href":"https:\/\/ueff.se\/en\/wp-json\/wp\/v2\/pages\/4723"}],"collection":[{"href":"https:\/\/ueff.se\/en\/wp-json\/wp\/v2\/pages"}],"about":[{"href":"https:\/\/ueff.se\/en\/wp-json\/wp\/v2\/types\/page"}],"author":[{"embeddable":true,"href":"https:\/\/ueff.se\/en\/wp-json\/wp\/v2\/users\/11"}],"replies":[{"embeddable":true,"href":"https:\/\/ueff.se\/en\/wp-json\/wp\/v2\/comments?post=4723"}],"version-history":[{"count":36,"href":"https:\/\/ueff.se\/en\/wp-json\/wp\/v2\/pages\/4723\/revisions"}],"predecessor-version":[{"id":7924,"href":"https:\/\/ueff.se\/en\/wp-json\/wp\/v2\/pages\/4723\/revisions\/7924"}],"wp:attachment":[{"href":"https:\/\/ueff.se\/en\/wp-json\/wp\/v2\/media?parent=4723"}],"curies":[{"name":"wp","href":"https:\/\/api.w.org\/{rel}","templated":true}]}}